{"id":103,"date":"2018-11-28T18:53:37","date_gmt":"2018-11-28T17:53:37","guid":{"rendered":"https:\/\/www.neolithique2point0.com\/?page_id=103"},"modified":"2023-06-10T10:03:14","modified_gmt":"2023-06-10T08:03:14","slug":"nos-partenaires","status":"publish","type":"page","link":"https:\/\/www.neolithique2point0.com\/?page_id=103","title":{"rendered":"Notre \u00e9thique"},"content":{"rendered":"<div data-colibri-id=\"103-c1\" class=\"style-280 style-local-103-c1 position-relative\">\n  <!---->\n  <div data-colibri-component=\"section\" data-colibri-id=\"103-c2\" id=\"overlappable\" class=\"h-section h-section-global-spacing d-flex align-items-lg-center align-items-md-center align-items-center style-285 style-local-103-c2 position-relative\">\n    <!---->\n    <!---->\n    <div class=\"h-section-grid-container h-section-boxed-container\">\n      <!---->\n      <div data-colibri-id=\"103-c3\" class=\"h-row-container gutters-row-lg-0 gutters-row-md-0 gutters-row-0 gutters-row-v-lg-0 gutters-row-v-md-0 gutters-row-v-0 style-286 style-local-103-c3 position-relative\">\n        <!---->\n        <div class=\"h-row justify-content-lg-center justify-content-md-center justify-content-center align-items-lg-stretch align-items-md-stretch align-items-stretch gutters-col-lg-0 gutters-col-md-0 gutters-col-0 gutters-col-v-lg-0 gutters-col-v-md-0 gutters-col-v-0\">\n          <!---->\n          <div class=\"h-column h-column-container d-flex h-col-lg-auto h-col-md-auto h-col-auto style-287-outer style-local-103-c4-outer\">\n            <div data-colibri-id=\"103-c4\" class=\"d-flex h-flex-basis h-column__inner h-ui-empty-state-container h-px-lg-0 h-px-md-0 h-px-0 v-inner-lg-0 v-inner-md-0 v-inner-0 style-287 style-local-103-c4 position-relative\">\n              <div class=\"background-wrapper\">\n                <div class=\"background-layer background-layer-media-container-lg\">\n                  <div data-slide-duration=\"2600\" data-slide-speed=\"1000\" data-colibri-component=\"slideshow\" class=\"background-layer colibri-slideshow\" model-id=\"103-c4\" media=\"desktop\">\n                    <div class=\"slideshow-image\" style=\"background-image: url(&quot;https:\/\/www.neolithique2point0.com\/wp-content\/uploads\/2020\/10\/cropped-cropped-IMG_6111-rotated-2-1.jpg&quot;); visibility: visible; z-index: 3; opacity: 0; transition: opacity 1000ms ease calc(1.6s);\"><\/div>\n                    <div class=\"slideshow-image\" style=\"background-image: url(&quot;https:\/\/www.neolithique2point0.com\/wp-content\/uploads\/2020\/10\/cropped-Tres-Hombres-scaled-2.jpg&quot;); z-index: 2;\"><\/div>\n                    <div class=\"slideshow-image\" style=\"background-image: url(&quot;https:\/\/www.neolithique2point0.com\/wp-content\/uploads\/2018\/11\/cropped-Granville-Ouest-France-2.jpg&quot;);\"><\/div>\n                  <\/div>\n                <\/div>\n                <div class=\"background-layer background-layer-media-container-md\">\n                  <div data-slide-duration=\"2600\" data-slide-speed=\"1000\" data-colibri-component=\"slideshow\" class=\"background-layer colibri-slideshow\" model-id=\"103-c4\" media=\"tablet\">\n                    <div class=\"slideshow-image\" style=\"background-image: url(&quot;https:\/\/www.neolithique2point0.com\/wp-content\/uploads\/2020\/10\/cropped-cropped-IMG_6111-rotated-2-1.jpg&quot;); visibility: visible; z-index: 3; opacity: 0; transition: opacity 1000ms ease calc(1.6s);\"><\/div>\n                    <div class=\"slideshow-image\" style=\"background-image: url(&quot;https:\/\/www.neolithique2point0.com\/wp-content\/uploads\/2020\/10\/cropped-Tres-Hombres-scaled-2.jpg&quot;); z-index: 2;\"><\/div>\n                    <div class=\"slideshow-image\" style=\"background-image: url(&quot;https:\/\/www.neolithique2point0.com\/wp-content\/uploads\/2018\/11\/cropped-Granville-Ouest-France-2.jpg&quot;);\"><\/div>\n                  <\/div>\n                <\/div>\n                <div class=\"background-layer background-layer-media-container\">\n                  <div data-slide-duration=\"2600\" data-slide-speed=\"1000\" data-colibri-component=\"slideshow\" class=\"background-layer colibri-slideshow\" model-id=\"103-c4\" media=\"mobile\">\n                    <div class=\"slideshow-image\" style=\"background-image: url(&quot;https:\/\/www.neolithique2point0.com\/wp-content\/uploads\/2020\/10\/cropped-cropped-IMG_6111-rotated-2-1.jpg&quot;); visibility: visible; z-index: 3; opacity: 0; transition: opacity 1000ms ease calc(1.6s);\"><\/div>\n                    <div class=\"slideshow-image\" style=\"background-image: url(&quot;https:\/\/www.neolithique2point0.com\/wp-content\/uploads\/2020\/10\/cropped-Tres-Hombres-scaled-2.jpg&quot;); z-index: 2;\"><\/div>\n                    <div class=\"slideshow-image\" style=\"background-image: url(&quot;https:\/\/www.neolithique2point0.com\/wp-content\/uploads\/2018\/11\/cropped-Granville-Ouest-France-2.jpg&quot;);\"><\/div>\n                  <\/div>\n                <\/div>\n              <\/div>\n              <!---->\n              <div class=\"w-100 h-y-container h-column__content h-column__v-align flex-basis-100\">\n                <!---->\n              <\/div>\n            <\/div>\n          <\/div>\n          <div class=\"h-column h-column-container d-flex h-col-lg-auto h-col-md-auto h-col-auto style-288-outer style-local-103-c5-outer\">\n            <div data-colibri-id=\"103-c5\" class=\"d-flex h-flex-basis h-column__inner h-px-lg-2 h-px-md-2 h-px-2 v-inner-lg-2 v-inner-md-2 v-inner-2 style-288 style-local-103-c5 position-relative\">\n              <!---->\n              <!---->\n              <div class=\"w-100 h-y-container h-column__content h-column__v-align flex-basis-100 align-self-lg-center align-self-md-center align-self-center\">\n                <!---->\n                <div data-colibri-id=\"103-c6\" class=\"h-global-transition-all h-heading style-289 style-local-103-c6 position-relative h-element\">\n                  <!---->\n                  <div class=\"h-heading__outer style-289 style-local-103-c6\">\n                    <!---->\n                    <!---->\n                    <h4 class=\"\">le projet N\u00e9olithique 2.0<\/h4>\n                  <\/div>\n                <\/div>\n                <div data-colibri-id=\"103-c7\" class=\"h-text h-text-component style-290 style-local-103-c7 position-relative h-element\">\n                  <!---->\n                  <!---->\n                  <div class=\"\">\n                    <p><span style=\"color: rgb(4, 4, 4); font-family: &quot;Open Sans&quot;; font-size: 16px; font-weight: 400;\">est n\u00e9 de la volont\u00e9 d\u2019Adrian Hamilton de cr\u00e9er une entreprise fond\u00e9e sur des valeurs humaines et \u00e9cologiques fortes.<\/span>\n                      <span\n                        style=\"color: rgb(4, 4, 4);\"> <\/span><span style=\"color: rgb(4, 4, 4); font-weight: 400; font-size: 16px; font-family: &quot;Open Sans&quot;;\">C\u2019est ainsi que de part ses origines irlandaises, Adrian a eu l\u2019id\u00e9e un peu folle d\u2019importer de la bi\u00e8re artisanale irlandaise par voilier.<\/span><\/p>\n                    <p><span style=\"color: rgb(1, 1, 1);\">Le but \u00e9tant de d\u00e9montrer par l\u2019exp\u00e9rience qu\u2019il est possible de mettre en place des activit\u00e9s \u00e9conomiques alternatives viables, respectueuses de l\u2019homme et son environnement.<\/span><\/p>\n                    <p><span style=\"color: rgb(1, 1, 1);\">En ce sens, d\u2019autres activit\u00e9s que la vente de bi\u00e8res artisanales devraient voir le jour dans le cadre du d\u00e9veloppement du label &#8221; Le Projet N\u00e9olithique 2.0\u2033. Par ailleurs, l\u2019entreprise individuelle a pour vocation \u00e0 \u00e9voluer vers une soci\u00e9t\u00e9 coop\u00e9rative.<\/span><\/p>\n                  <\/div>\n                <\/div>\n              <\/div>\n            <\/div>\n          <\/div>\n          <div class=\"h-column h-column-container d-flex h-col-lg-auto h-col-md-auto h-col-auto style-288-outer style-local-103-c8-outer\">\n            <div data-colibri-id=\"103-c8\" class=\"d-flex h-flex-basis h-column__inner h-px-lg-2 h-px-md-2 h-px-2 v-inner-lg-2 v-inner-md-2 v-inner-2 style-288 style-local-103-c8 position-relative\">\n              <!---->\n              <!---->\n              <div class=\"w-100 h-y-container h-column__content h-column__v-align flex-basis-100 align-self-lg-center align-self-md-center align-self-center\">\n                <!---->\n                <div data-colibri-id=\"103-c9\" class=\"h-text h-text-component style-290 style-local-103-c9 position-relative h-element\">\n                  <!---->\n                  <!---->\n                  <div class=\"\">\n                    <p><span style=\"color: rgb(0, 0, 0);\">Pour la premi\u00e8re livraison officielle de l\u2019ann\u00e9e 2018, l\u2019exp\u00e9dition de Cork (Irlande) \u00e0 Grandville (France) a \u00e9t\u00e9 effectu\u00e9 par voilier.<\/span><\/p>\n                    <p><span style=\"color: rgb(0, 0, 0);\">Le trajet de Granville au Mans, premi\u00e8re ville de distribution, s\u2019est r\u00e9alis\u00e9 par transport routier conventionnel. Enfin, la livraison au sein du d\u00e9partement de la Sarthe est effectu\u00e9 par v\u00e9lo cargo, pour une empreinte carbone r\u00e9duite.<\/span><\/p>\n                    <p><span style=\"color: rgb(0, 0, 0);\">4 ann\u00e9es et 4 travers\u00e9es pus tard et un petit magasin voit le jour Rue du Ch\u00e2teau d&#8217;Eau, Paris 10\u00e8me. Des pr\u00e9sences aux march\u00e9s de Monfort, Houilles ainsi qu&#8217;au March\u00e9 sur l&#8217;Eau \u00e0 Pantin permettent le d\u00e9veloppement de la marque en IDF.<\/span><\/p>\n                    <p><span style=\"color: rgb(0, 0, 0);\">Des d\u00e9gustations en petite comit\u00e9 continuent et des ventes group\u00e9es \u00e9galement.<\/span><\/p>\n                    <p><span style=\"color: rgb(0, 0, 0);\">La prochaine \u00e9tape? D\u00e9but 2024, l&#8217;ajout de cidre, bi\u00e8re sans alcool et sans gluten. Un changement de port en Irlande pour partir de Carlingford (\u00e0 43kms de la brasserie), un d\u00e9chargement manuel \u00e0 Rouen pour finalement remonter la Seine \u00e0 p\u00e9niche&#8230;..une r\u00e9duction de bilan carbone de +\/- 90%.<\/span><\/p>\n                    <p><span style=\"color: rgb(0, 0, 0);\">CONVAINCU QUE LES MULTINATIONALES ET LES DIFFERENTS GOUVERNEMENTS ONT EU LARGEMENT LE TEMPS POUR AGIR** &#8230;&#8230;&#8230;.C&#8217;EST A NOUS DE LE FAIRE&#8230;&#8230;..tout en buvant de la bonne bi\u00e8re bien s\u00fbr*!!!&nbsp;<\/span><\/p>\n                    <p><span style=\"color: rgb(0, 0, 0);\">*L&#8217;abus d&#8217;alcool est dangereux pour la sant\u00e9. A consommer avec mod\u00e9ration.<\/span><\/p>\n                    <p><span style=\"color: rgb(0, 0, 0);\">** La consommation de produits et de services des entreprises n\u00e9olib\u00e9rales et le fait de voter pour des partis politiques qui partagent ces m\u00eame valeurs sont catastrophiques pour 99% de l&#8217;humanit\u00e9.<\/span>\n                      <u\n                        style=\"color: rgb(0, 0, 0);\"> A consommer avec grande mod\u00e9ration.<\/u>\n                    <\/p>\n                    <p>\n                      <br>\n                    <\/p>\n                    <p>\n                      <br>\n                    <\/p>\n                  <\/div>\n                <\/div>\n              <\/div>\n            <\/div>\n          <\/div>\n          <div class=\"h-column h-column-container d-flex h-col-lg-auto h-col-md-auto h-col-auto style-293-outer style-local-103-c10-outer\">\n            <div data-colibri-id=\"103-c10\" class=\"d-flex h-flex-basis h-column__inner h-ui-empty-state-container h-px-lg-0 h-px-md-0 h-px-0 v-inner-lg-0 v-inner-md-0 v-inner-0 style-293 style-local-103-c10 position-relative\">\n              <!---->\n              <!---->\n              <div class=\"w-100 h-y-container h-column__content h-column__v-align flex-basis-100\">\n                <!---->\n              <\/div>\n            <\/div>\n          <\/div>\n        <\/div>\n      <\/div>\n    <\/div>\n  <\/div>\n<\/div>","protected":false},"excerpt":{"rendered":"<p>le projet N\u00e9olithique 2.0 est n\u00e9 de la volont\u00e9 d\u2019Adrian Hamilton de cr\u00e9er une entreprise fond\u00e9e sur des valeurs humaines et \u00e9cologiques fortes. C\u2019est ainsi que de part ses origines irlandaises, Adrian a eu l\u2019id\u00e9e un peu folle d\u2019importer de la bi\u00e8re artisanale irlandaise par voilier. Le but \u00e9tant de d\u00e9montrer par l\u2019exp\u00e9rience qu\u2019il est [&hellip;]<\/p>\n","protected":false},"author":1,"featured_media":0,"parent":0,"menu_order":0,"comment_status":"closed","ping_status":"closed","template":"page-templates\/full-width-page.php","meta":[],"jetpack_sharing_enabled":true,"_links":{"self":[{"href":"https:\/\/www.neolithique2point0.com\/index.php?rest_route=\/wp\/v2\/pages\/103"}],"collection":[{"href":"https:\/\/www.neolithique2point0.com\/index.php?rest_route=\/wp\/v2\/pages"}],"about":[{"href":"https:\/\/www.neolithique2point0.com\/index.php?rest_route=\/wp\/v2\/types\/page"}],"author":[{"embeddable":true,"href":"https:\/\/www.neolithique2point0.com\/index.php?rest_route=\/wp\/v2\/users\/1"}],"replies":[{"embeddable":true,"href":"https:\/\/www.neolithique2point0.com\/index.php?rest_route=%2Fwp%2Fv2%2Fcomments&post=103"}],"version-history":[{"count":20,"href":"https:\/\/www.neolithique2point0.com\/index.php?rest_route=\/wp\/v2\/pages\/103\/revisions"}],"predecessor-version":[{"id":1581,"href":"https:\/\/www.neolithique2point0.com\/index.php?rest_route=\/wp\/v2\/pages\/103\/revisions\/1581"}],"wp:attachment":[{"href":"https:\/\/www.neolithique2point0.com\/index.php?rest_route=%2Fwp%2Fv2%2Fmedia&parent=103"}],"curies":[{"name":"wp","href":"https:\/\/api.w.org\/{rel}","templated":true}]}}